{"id":1899,"date":"2022-06-25T14:23:09","date_gmt":"2022-06-25T14:23:09","guid":{"rendered":"http:\/\/grundschule-wichern.de\/?page_id=1899"},"modified":"2022-06-25T14:23:11","modified_gmt":"2022-06-25T14:23:11","slug":"schuljahr-2022-2023","status":"publish","type":"page","link":"http:\/\/grundschule-wichern.de\/?page_id=1899","title":{"rendered":"Schuljahr 2022 \/ 2023"},"content":{"rendered":"\n<p>Hier finden Sie Einblicke in unseren Schulalltag. Viel Freude beim Lesen und St\u00f6bern.<\/p>\n\n\n\n\t\t\t<div class=\"wp-block-uagb-post-masonry uagb-post-grid  uagb-post__image-position-top uagb-post__image-enabled uagb-block-ba1e6e7b     uagb-post__items uagb-post__columns-3 is-masonry uagb-post__columns-tablet-2 uagb-post__columns-mobile-1\" data-total=\"2\" style=\"\">\n\n\t\t\t\t\t\t\t\t\t\t\t\t<article class=\"uagb-post__inner-wrap\">\t\t\t\t\t\t\t\t<div class='uagb-post__image'>\n\t\t\t\t\t\t\t\t\t<a href=\"http:\/\/grundschule-wichern.de\/?p=2016\" target=\"_self\" rel=\"bookmark noopener noreferrer\"><img loading=\"lazy\" decoding=\"async\" width=\"320\" height=\"240\" src=\"http:\/\/grundschule-wichern.de\/wp-content\/uploads\/2023\/05\/Sport01.jpg\" class=\"attachment-large size-large\" alt=\"Tolle Rundenzeiten\" srcset=\"http:\/\/grundschule-wichern.de\/wp-content\/uploads\/2023\/05\/Sport01.jpg 320w, http:\/\/grundschule-wichern.de\/wp-content\/uploads\/2023\/05\/Sport01-300x225.jpg 300w, http:\/\/grundschule-wichern.de\/wp-content\/uploads\/2023\/05\/Sport01-150x113.jpg 150w\" sizes=\"auto, (max-width: 320px) 100vw, 320px\" \/>\t\t\t\t\t<\/a>\n\t\t\t\t\t\t\t\t\t<\/div>\n\t\t\t\t\t\t<h4 class=\"uagb-post__title uagb-post__text\">\n\t\t\t\t<a href=\"http:\/\/grundschule-wichern.de\/?p=2016\" target=\"_self\" rel=\"bookmark noopener noreferrer\">Tolles Sportfest<\/a>\n\t\t\t<\/h4>\n\t\t\t\t\t\t<div class='uagb-post__text uagb-post-grid-byline'>\n\t\t\t\t\t\t\t\t<time datetime=\"2023-05-08T06:26:29+00:00\" class=\"uagb-post__date\">\n\t\t\t\t<span class=\"dashicons-calendar dashicons\"><\/span>\t\t\t\t\t8. Mai 2023\t\t\t\t<\/time>\n\t\t\t\t\t\t<\/div>\n\t\t\t\t\t\t\t<div class='uagb-post__text uagb-post__excerpt'>\n\t\t\t\t\t<p>Die Sportkolleg*innen des Standorts Wichern haben uns ein tolles Sportfest organisiert. Ziel war es, m\u00f6glichst&#8230;\t\t\t\t<\/div>\n\t\t\t\t\t\t<div class=\"uagb-post__text uagb-post__cta wp-block-button\">\n\t\t\t\t<a class=\"wp-block-button__link uagb-text-link\" style=\"\" href=\"http:\/\/grundschule-wichern.de\/?p=2016\" target=\"_self\" rel=\"bookmark noopener noreferrer\">Weiterlesen<\/a>\n\t\t\t<\/div>\n\t\t\t\n\t\t\t\t\t\t\t\t\t<\/article>\n\t\t\t\t\t\t\t\t\t\t\t\t\t\t\t\t<article class=\"uagb-post__inner-wrap\">\t\t\t\t\t\t\t\t<div class='uagb-post__image'>\n\t\t\t\t\t\t\t\t\t<a href=\"http:\/\/grundschule-wichern.de\/?p=2011\" target=\"_self\" rel=\"bookmark noopener noreferrer\"><img loading=\"lazy\" decoding=\"async\" width=\"851\" height=\"798\" src=\"http:\/\/grundschule-wichern.de\/wp-content\/uploads\/2023\/03\/Sammlung.jpg\" class=\"attachment-large size-large\" alt=\"\" srcset=\"http:\/\/grundschule-wichern.de\/wp-content\/uploads\/2023\/03\/Sammlung.jpg 851w, http:\/\/grundschule-wichern.de\/wp-content\/uploads\/2023\/03\/Sammlung-300x281.jpg 300w, http:\/\/grundschule-wichern.de\/wp-content\/uploads\/2023\/03\/Sammlung-768x720.jpg 768w, http:\/\/grundschule-wichern.de\/wp-content\/uploads\/2023\/03\/Sammlung-150x141.jpg 150w\" sizes=\"auto, (max-width: 851px) 100vw, 851px\" \/>\t\t\t\t\t<\/a>\n\t\t\t\t\t\t\t\t\t<\/div>\n\t\t\t\t\t\t<h4 class=\"uagb-post__title uagb-post__text\">\n\t\t\t\t<a href=\"http:\/\/grundschule-wichern.de\/?p=2011\" target=\"_self\" rel=\"bookmark noopener noreferrer\">Kinder sammeln f\u00fcr Kinder<\/a>\n\t\t\t<\/h4>\n\t\t\t\t\t\t<div class='uagb-post__text uagb-post-grid-byline'>\n\t\t\t\t\t\t\t\t<time datetime=\"2023-03-31T08:27:41+00:00\" class=\"uagb-post__date\">\n\t\t\t\t<span class=\"dashicons-calendar dashicons\"><\/span>\t\t\t\t\t31. M\u00e4rz 2023\t\t\t\t<\/time>\n\t\t\t\t\t\t<\/div>\n\t\t\t\t\t\t\t<div class='uagb-post__text uagb-post__excerpt'>\n\t\t\t\t\t<p>Die Grundschulen in Bad Oeynhausen haben eine gro\u00df angelegte Spenden-Sammelaktion f\u00fcr das Katastrophengebiet T\u00fcrkei \/Syrien&#8230;\t\t\t\t<\/div>\n\t\t\t\t\t\t<div class=\"uagb-post__text uagb-post__cta wp-block-button\">\n\t\t\t\t<a class=\"wp-block-button__link uagb-text-link\" style=\"\" href=\"http:\/\/grundschule-wichern.de\/?p=2011\" target=\"_self\" rel=\"bookmark noopener noreferrer\">Weiterlesen<\/a>\n\t\t\t<\/div>\n\t\t\t\n\t\t\t\t\t\t\t\t\t<\/article>\n\t\t\t\t\t\t\t\t\t\t\t\t\t\t\t\t<article class=\"uagb-post__inner-wrap\">\t\t\t\t\t\t\t\t<div class='uagb-post__image'>\n\t\t\t\t\t\t\t\t\t<a href=\"http:\/\/grundschule-wichern.de\/?p=2008\" target=\"_self\" rel=\"bookmark noopener noreferrer\"><img loading=\"lazy\" decoding=\"async\" width=\"320\" height=\"226\" src=\"http:\/\/grundschule-wichern.de\/wp-content\/uploads\/2023\/03\/Flohmarkt23.jpg\" class=\"attachment-large size-large\" alt=\"\" srcset=\"http:\/\/grundschule-wichern.de\/wp-content\/uploads\/2023\/03\/Flohmarkt23.jpg 320w, http:\/\/grundschule-wichern.de\/wp-content\/uploads\/2023\/03\/Flohmarkt23-300x212.jpg 300w, http:\/\/grundschule-wichern.de\/wp-content\/uploads\/2023\/03\/Flohmarkt23-150x106.jpg 150w\" sizes=\"auto, (max-width: 320px) 100vw, 320px\" \/>\t\t\t\t\t<\/a>\n\t\t\t\t\t\t\t\t\t<\/div>\n\t\t\t\t\t\t<h4 class=\"uagb-post__title uagb-post__text\">\n\t\t\t\t<a href=\"http:\/\/grundschule-wichern.de\/?p=2008\" target=\"_self\" rel=\"bookmark noopener noreferrer\">B\u00fccher Flohmarkt<\/a>\n\t\t\t<\/h4>\n\t\t\t\t\t\t<div class='uagb-post__text uagb-post-grid-byline'>\n\t\t\t\t\t\t\t\t<time datetime=\"2023-03-29T10:47:51+00:00\" class=\"uagb-post__date\">\n\t\t\t\t<span class=\"dashicons-calendar dashicons\"><\/span>\t\t\t\t\t29. M\u00e4rz 2023\t\t\t\t<\/time>\n\t\t\t\t\t\t<\/div>\n\t\t\t\t\t\t\t<div class='uagb-post__text uagb-post__excerpt'>\n\t\t\t\t\t<p>Es ist schon Tradition, dass am letzten Schultag vor den Osterferien der B\u00fccher Flohmarkt stattfindet&#8230;.\t\t\t\t<\/div>\n\t\t\t\t\t\t<div class=\"uagb-post__text uagb-post__cta wp-block-button\">\n\t\t\t\t<a class=\"wp-block-button__link uagb-text-link\" style=\"\" href=\"http:\/\/grundschule-wichern.de\/?p=2008\" target=\"_self\" rel=\"bookmark noopener noreferrer\">Weiterlesen<\/a>\n\t\t\t<\/div>\n\t\t\t\n\t\t\t\t\t\t\t\t\t<\/article>\n\t\t\t\t\t\t\t\t\t\t\t\t\t\t\t\t<article class=\"uagb-post__inner-wrap\">\t\t\t\t\t\t\t\t<div class='uagb-post__image'>\n\t\t\t\t\t\t\t\t\t<a href=\"http:\/\/grundschule-wichern.de\/?p=2005\" target=\"_self\" rel=\"bookmark noopener noreferrer\"><img loading=\"lazy\" decoding=\"async\" width=\"640\" height=\"480\" src=\"http:\/\/grundschule-wichern.de\/wp-content\/uploads\/2023\/03\/Sportangebot.jpg\" class=\"attachment-large size-large\" alt=\"Sport Angebot Pr\u00e4vention\" srcset=\"http:\/\/grundschule-wichern.de\/wp-content\/uploads\/2023\/03\/Sportangebot.jpg 640w, http:\/\/grundschule-wichern.de\/wp-content\/uploads\/2023\/03\/Sportangebot-300x225.jpg 300w, http:\/\/grundschule-wichern.de\/wp-content\/uploads\/2023\/03\/Sportangebot-150x113.jpg 150w\" sizes=\"auto, (max-width: 640px) 100vw, 640px\" \/>\t\t\t\t\t<\/a>\n\t\t\t\t\t\t\t\t\t<\/div>\n\t\t\t\t\t\t<h4 class=\"uagb-post__title uagb-post__text\">\n\t\t\t\t<a href=\"http:\/\/grundschule-wichern.de\/?p=2005\" target=\"_self\" rel=\"bookmark noopener noreferrer\">Tolles Sport F\u00f6rderangebot<\/a>\n\t\t\t<\/h4>\n\t\t\t\t\t\t<div class='uagb-post__text uagb-post-grid-byline'>\n\t\t\t\t\t\t\t\t<time datetime=\"2023-03-28T10:58:14+00:00\" class=\"uagb-post__date\">\n\t\t\t\t<span class=\"dashicons-calendar dashicons\"><\/span>\t\t\t\t\t28. M\u00e4rz 2023\t\t\t\t<\/time>\n\t\t\t\t\t\t<\/div>\n\t\t\t\t\t\t\t<div class='uagb-post__text uagb-post__excerpt'>\n\t\t\t\t\t<p>Gemeinsam mit dem Pr\u00e4ventionszentrum OWL haben wir ein tolles Sport Angebot f\u00fcr den Offenen Ganztag&#8230;\t\t\t\t<\/div>\n\t\t\t\t\t\t<div class=\"uagb-post__text uagb-post__cta wp-block-button\">\n\t\t\t\t<a class=\"wp-block-button__link uagb-text-link\" style=\"\" href=\"http:\/\/grundschule-wichern.de\/?p=2005\" target=\"_self\" rel=\"bookmark noopener noreferrer\">Weiterlesen<\/a>\n\t\t\t<\/div>\n\t\t\t\n\t\t\t\t\t\t\t\t\t<\/article>\n\t\t\t\t\t\t\t\t\t\t\t\t\t\t\t\t<article class=\"uagb-post__inner-wrap\">\t\t\t\t\t\t\t\t<div class='uagb-post__image'>\n\t\t\t\t\t\t\t\t\t<a href=\"http:\/\/grundschule-wichern.de\/?p=2001\" target=\"_self\" rel=\"bookmark noopener noreferrer\"><img loading=\"lazy\" decoding=\"async\" width=\"320\" height=\"240\" src=\"http:\/\/grundschule-wichern.de\/wp-content\/uploads\/2023\/03\/Waffel01.jpg\" class=\"attachment-large size-large\" alt=\"\" srcset=\"http:\/\/grundschule-wichern.de\/wp-content\/uploads\/2023\/03\/Waffel01.jpg 320w, http:\/\/grundschule-wichern.de\/wp-content\/uploads\/2023\/03\/Waffel01-300x225.jpg 300w, http:\/\/grundschule-wichern.de\/wp-content\/uploads\/2023\/03\/Waffel01-150x113.jpg 150w\" sizes=\"auto, (max-width: 320px) 100vw, 320px\" \/>\t\t\t\t\t<\/a>\n\t\t\t\t\t\t\t\t\t<\/div>\n\t\t\t\t\t\t<h4 class=\"uagb-post__title uagb-post__text\">\n\t\t\t\t<a href=\"http:\/\/grundschule-wichern.de\/?p=2001\" target=\"_self\" rel=\"bookmark noopener noreferrer\">Waffel backen f\u00fcr das Katastrophengebiet<\/a>\n\t\t\t<\/h4>\n\t\t\t\t\t\t<div class='uagb-post__text uagb-post-grid-byline'>\n\t\t\t\t\t\t\t\t<time datetime=\"2023-03-10T11:28:46+00:00\" class=\"uagb-post__date\">\n\t\t\t\t<span class=\"dashicons-calendar dashicons\"><\/span>\t\t\t\t\t10. M\u00e4rz 2023\t\t\t\t<\/time>\n\t\t\t\t\t\t<\/div>\n\t\t\t\t\t\t\t<div class='uagb-post__text uagb-post__excerpt'>\n\t\t\t\t\t<p>alle Grundschulen in Bad Oeynhausen wollen etwas f\u00fcr die Kinder im Katastrophengebiet (T\u00fcrkei\/Syrien) tun. Der&#8230;\t\t\t\t<\/div>\n\t\t\t\t\t\t<div class=\"uagb-post__text uagb-post__cta wp-block-button\">\n\t\t\t\t<a class=\"wp-block-button__link uagb-text-link\" style=\"\" href=\"http:\/\/grundschule-wichern.de\/?p=2001\" target=\"_self\" rel=\"bookmark noopener noreferrer\">Weiterlesen<\/a>\n\t\t\t<\/div>\n\t\t\t\n\t\t\t\t\t\t\t\t\t<\/article>\n\t\t\t\t\t\t\t\t\t\t\t\t\t\t\t\t<article class=\"uagb-post__inner-wrap\">\t\t\t\t\t\t\t\t<div class='uagb-post__image'>\n\t\t\t\t\t\t\t\t\t<a href=\"http:\/\/grundschule-wichern.de\/?p=1985\" target=\"_self\" rel=\"bookmark noopener noreferrer\"><img loading=\"lazy\" decoding=\"async\" width=\"640\" height=\"445\" src=\"http:\/\/grundschule-wichern.de\/wp-content\/uploads\/2023\/02\/Experten.jpg\" class=\"attachment-large size-large\" alt=\"\" srcset=\"http:\/\/grundschule-wichern.de\/wp-content\/uploads\/2023\/02\/Experten.jpg 640w, http:\/\/grundschule-wichern.de\/wp-content\/uploads\/2023\/02\/Experten-300x209.jpg 300w, http:\/\/grundschule-wichern.de\/wp-content\/uploads\/2023\/02\/Experten-150x104.jpg 150w\" sizes=\"auto, (max-width: 640px) 100vw, 640px\" \/>\t\t\t\t\t<\/a>\n\t\t\t\t\t\t\t\t\t<\/div>\n\t\t\t\t\t\t<h4 class=\"uagb-post__title uagb-post__text\">\n\t\t\t\t<a href=\"http:\/\/grundschule-wichern.de\/?p=1985\" target=\"_self\" rel=\"bookmark noopener noreferrer\">1. Expertenforum<\/a>\n\t\t\t<\/h4>\n\t\t\t\t\t\t<div class='uagb-post__text uagb-post-grid-byline'>\n\t\t\t\t\t\t\t\t<time datetime=\"2023-02-09T07:16:04+00:00\" class=\"uagb-post__date\">\n\t\t\t\t<span class=\"dashicons-calendar dashicons\"><\/span>\t\t\t\t\t9. Februar 2023\t\t\t\t<\/time>\n\t\t\t\t\t\t<\/div>\n\t\t\t\t\t\t\t<div class='uagb-post__text uagb-post__excerpt'>\n\t\t\t\t\t<p>Um 15.15.Uhr sa\u00df das interessierte Publikum im Mittelpunkt des Standorts Wichern. Eltern und Mitsch\u00fcler wollten&#8230;\t\t\t\t<\/div>\n\t\t\t\t\t\t<div class=\"uagb-post__text uagb-post__cta wp-block-button\">\n\t\t\t\t<a class=\"wp-block-button__link uagb-text-link\" style=\"\" href=\"http:\/\/grundschule-wichern.de\/?p=1985\" target=\"_self\" rel=\"bookmark noopener noreferrer\">Weiterlesen<\/a>\n\t\t\t<\/div>\n\t\t\t\n\t\t\t\t\t\t\t\t\t<\/article>\n\t\t\t\t\t\t\t\t\t\t\t\t\t\t\t\t<article class=\"uagb-post__inner-wrap\">\t\t\t\t\t\t\t\t<div class='uagb-post__image'>\n\t\t\t\t\t\t\t\t\t<a href=\"http:\/\/grundschule-wichern.de\/?p=1978\" target=\"_self\" rel=\"bookmark noopener noreferrer\"><img loading=\"lazy\" decoding=\"async\" width=\"562\" height=\"399\" src=\"http:\/\/grundschule-wichern.de\/wp-content\/uploads\/2023\/01\/Warnweste-opt.jpg\" class=\"attachment-large size-large\" alt=\"\" srcset=\"http:\/\/grundschule-wichern.de\/wp-content\/uploads\/2023\/01\/Warnweste-opt.jpg 562w, http:\/\/grundschule-wichern.de\/wp-content\/uploads\/2023\/01\/Warnweste-opt-300x213.jpg 300w, http:\/\/grundschule-wichern.de\/wp-content\/uploads\/2023\/01\/Warnweste-opt-150x106.jpg 150w\" sizes=\"auto, (max-width: 562px) 100vw, 562px\" \/>\t\t\t\t\t<\/a>\n\t\t\t\t\t\t\t\t\t<\/div>\n\t\t\t\t\t\t<h4 class=\"uagb-post__title uagb-post__text\">\n\t\t\t\t<a href=\"http:\/\/grundschule-wichern.de\/?p=1978\" target=\"_self\" rel=\"bookmark noopener noreferrer\">Jahrgang 1 als leuchtendes Vorbild<\/a>\n\t\t\t<\/h4>\n\t\t\t\t\t\t<div class='uagb-post__text uagb-post-grid-byline'>\n\t\t\t\t\t\t\t\t<time datetime=\"2023-01-27T11:27:14+00:00\" class=\"uagb-post__date\">\n\t\t\t\t<span class=\"dashicons-calendar dashicons\"><\/span>\t\t\t\t\t27. Januar 2023\t\t\t\t<\/time>\n\t\t\t\t\t\t<\/div>\n\t\t\t\t\t\t\t<div class='uagb-post__text uagb-post__excerpt'>\n\t\t\t\t\t<p>Die Klasse 1d von Frau Mahmut macht es vor: Gut sichtbar sein im Stra\u00dfenverkehr! Der&#8230;\t\t\t\t<\/div>\n\t\t\t\t\t\t<div class=\"uagb-post__text uagb-post__cta wp-block-button\">\n\t\t\t\t<a class=\"wp-block-button__link uagb-text-link\" style=\"\" href=\"http:\/\/grundschule-wichern.de\/?p=1978\" target=\"_self\" rel=\"bookmark noopener noreferrer\">Weiterlesen<\/a>\n\t\t\t<\/div>\n\t\t\t\n\t\t\t\t\t\t\t\t\t<\/article>\n\t\t\t\t\t\t\t\t\t\t\t\t\t\t\t<div class=\"uagb-post-inf-loader\" style=\"display: none;\">\n\t\t\t\t\t\t\t\t<div class=\"uagb-post-loader-1\"><\/div>\n\t\t\t\t\t\t\t\t<div class=\"uagb-post-loader-2\"><\/div>\n\t\t\t\t\t\t\t\t<div class=\"uagb-post-loader-3\"><\/div>\n\t\t\t\t\t\t\t<\/div>\n\t\t\t\t\t\t\t\t\t\t<\/div>\n\t\t\t","protected":false},"excerpt":{"rendered":"<p>Hier finden Sie Einblicke in unseren Schulalltag. Viel Freude beim Lesen und St\u00f6bern. mehr lesen<\/p>\n","protected":false},"author":1,"featured_media":0,"parent":0,"menu_order":0,"comment_status":"closed","ping_status":"closed","template":"","meta":{"_uag_custom_page_level_css":"","jetpack_post_was_ever_published":false,"footnotes":""},"class_list":["post-1899","page","type-page","status-publish","hentry"],"uagb_featured_image_src":{"full":false,"thumbnail":false,"medium":false,"medium_large":false,"large":false,"1536x1536":false,"2048x2048":false,"custom":false,"post-thumbnail":false,"header":false,"slider":false,"columns":false,"sow-carousel-default":false},"uagb_author_info":{"display_name":"Hille","author_link":"http:\/\/grundschule-wichern.de\/?author=1"},"uagb_comment_info":0,"uagb_excerpt":"Hier finden Sie Einblicke in unseren Schulalltag. Viel Freude beim Lesen und St\u00f6bern. mehr lesen","jetpack_sharing_enabled":true,"jetpack_shortlink":"https:\/\/wp.me\/P9HPiT-uD","_links":{"self":[{"href":"http:\/\/grundschule-wichern.de\/index.php?rest_route=\/wp\/v2\/pages\/1899","targetHints":{"allow":["GET"]}}],"collection":[{"href":"http:\/\/grundschule-wichern.de\/index.php?rest_route=\/wp\/v2\/pages"}],"about":[{"href":"http:\/\/grundschule-wichern.de\/index.php?rest_route=\/wp\/v2\/types\/page"}],"author":[{"embeddable":true,"href":"http:\/\/grundschule-wichern.de\/index.php?rest_route=\/wp\/v2\/users\/1"}],"replies":[{"embeddable":true,"href":"http:\/\/grundschule-wichern.de\/index.php?rest_route=%2Fwp%2Fv2%2Fcomments&post=1899"}],"version-history":[{"count":2,"href":"http:\/\/grundschule-wichern.de\/index.php?rest_route=\/wp\/v2\/pages\/1899\/revisions"}],"predecessor-version":[{"id":1910,"href":"http:\/\/grundschule-wichern.de\/index.php?rest_route=\/wp\/v2\/pages\/1899\/revisions\/1910"}],"wp:attachment":[{"href":"http:\/\/grundschule-wichern.de\/index.php?rest_route=%2Fwp%2Fv2%2Fmedia&parent=1899"}],"curies":[{"name":"wp","href":"https:\/\/api.w.org\/{rel}","templated":true}]}}