{"id":1763,"date":"2022-03-13T08:53:48","date_gmt":"2022-03-13T08:53:48","guid":{"rendered":"http:\/\/grundschule-wichern.de\/?page_id=1763"},"modified":"2022-03-13T09:02:53","modified_gmt":"2022-03-13T09:02:53","slug":"schuljahr-2021-2022","status":"publish","type":"page","link":"http:\/\/grundschule-wichern.de\/?page_id=1763","title":{"rendered":"Schuljahr 2021\/2022"},"content":{"rendered":"\n<p>Hier finden Sie Einblicke in unseren Schulalltag. Viel Freude beim Lesen und St\u00f6bern.<\/p>\n\n\n\n\t\t\t<div class=\"wp-block-uagb-post-masonry uagb-post-grid  uagb-post__image-position-top uagb-post__image-enabled uagb-block-b660f27b     uagb-post__items uagb-post__columns-3 is-masonry uagb-post__columns-tablet-2 uagb-post__columns-mobile-1\" data-total=\"2\" style=\"\">\n\n\t\t\t\t\t\t\t\t\t\t\t\t<article class=\"uagb-post__inner-wrap\">\t\t\t\t\t\t\t\t<div class='uagb-post__image'>\n\t\t\t\t\t\t\t\t\t<a href=\"http:\/\/grundschule-wichern.de\/?p=1890\" target=\"_self\" rel=\"bookmark noopener noreferrer\"><img loading=\"lazy\" decoding=\"async\" width=\"400\" height=\"225\" src=\"http:\/\/grundschule-wichern.de\/wp-content\/uploads\/2022\/05\/Siel-04-1.jpg\" class=\"attachment-large size-large\" alt=\"Br\u00fccke am Siel\" srcset=\"http:\/\/grundschule-wichern.de\/wp-content\/uploads\/2022\/05\/Siel-04-1.jpg 400w, http:\/\/grundschule-wichern.de\/wp-content\/uploads\/2022\/05\/Siel-04-1-300x169.jpg 300w, http:\/\/grundschule-wichern.de\/wp-content\/uploads\/2022\/05\/Siel-04-1-150x84.jpg 150w\" sizes=\"auto, (max-width: 400px) 100vw, 400px\" \/>\t\t\t\t\t<\/a>\n\t\t\t\t\t\t\t\t\t<\/div>\n\t\t\t\t\t\t<h4 class=\"uagb-post__title uagb-post__text\">\n\t\t\t\t<a href=\"http:\/\/grundschule-wichern.de\/?p=1890\" target=\"_self\" rel=\"bookmark noopener noreferrer\">Br\u00fccken live!<\/a>\n\t\t\t<\/h4>\n\t\t\t\t\t\t<div class='uagb-post__text uagb-post-grid-byline'>\n\t\t\t\t\t\t\t\t<time datetime=\"2022-05-25T10:28:11+00:00\" class=\"uagb-post__date\">\n\t\t\t\t<span class=\"dashicons-calendar dashicons\"><\/span>\t\t\t\t\t25. Mai 2022\t\t\t\t<\/time>\n\t\t\t\t\t\t<\/div>\n\t\t\t\t\t\t\t<div class='uagb-post__text uagb-post__excerpt'>\n\t\t\t\t\t<p>im Rahmen des neune Projektes &#8222;Forschendes Lernen&#8220; besch\u00e4ftigen sich unsere 3. Klassen f\u00e4cher\u00fcbergreifend mit dem&#8230;\t\t\t\t<\/div>\n\t\t\t\t\t\t<div class=\"uagb-post__text uagb-post__cta wp-block-button\">\n\t\t\t\t<a class=\"wp-block-button__link uagb-text-link\" style=\"\" href=\"http:\/\/grundschule-wichern.de\/?p=1890\" target=\"_self\" rel=\"bookmark noopener noreferrer\">Weiterlesen<\/a>\n\t\t\t<\/div>\n\t\t\t\n\t\t\t\t\t\t\t\t\t<\/article>\n\t\t\t\t\t\t\t\t\t\t\t\t\t\t\t\t<article class=\"uagb-post__inner-wrap\">\t\t\t\t\t\t\t\t<div class='uagb-post__image'>\n\t\t\t\t\t\t\t\t\t<a href=\"http:\/\/grundschule-wichern.de\/?p=1886\" target=\"_self\" rel=\"bookmark noopener noreferrer\"><img loading=\"lazy\" decoding=\"async\" width=\"480\" height=\"640\" src=\"http:\/\/grundschule-wichern.de\/wp-content\/uploads\/2022\/05\/Vernissage-rotated.jpg\" class=\"attachment-large size-large\" alt=\"Ausstellung\" srcset=\"http:\/\/grundschule-wichern.de\/wp-content\/uploads\/2022\/05\/Vernissage-rotated.jpg 480w, http:\/\/grundschule-wichern.de\/wp-content\/uploads\/2022\/05\/Vernissage-225x300.jpg 225w, http:\/\/grundschule-wichern.de\/wp-content\/uploads\/2022\/05\/Vernissage-113x150.jpg 113w\" sizes=\"auto, (max-width: 480px) 100vw, 480px\" \/>\t\t\t\t\t<\/a>\n\t\t\t\t\t\t\t\t\t<\/div>\n\t\t\t\t\t\t<h4 class=\"uagb-post__title uagb-post__text\">\n\t\t\t\t<a href=\"http:\/\/grundschule-wichern.de\/?p=1886\" target=\"_self\" rel=\"bookmark noopener noreferrer\">Kunstausstellung in der OGS<\/a>\n\t\t\t<\/h4>\n\t\t\t\t\t\t<div class='uagb-post__text uagb-post-grid-byline'>\n\t\t\t\t\t\t\t\t<time datetime=\"2022-05-10T11:33:24+00:00\" class=\"uagb-post__date\">\n\t\t\t\t<span class=\"dashicons-calendar dashicons\"><\/span>\t\t\t\t\t10. Mai 2022\t\t\t\t<\/time>\n\t\t\t\t\t\t<\/div>\n\t\t\t\t\t\t\t<div class='uagb-post__text uagb-post__excerpt'>\n\t\t\t\t\t<p>viele interessierte Zuschauer waren der Einladung von Frau Schneider und dem Kinder Kunst Projekt gefolgt,&#8230;\t\t\t\t<\/div>\n\t\t\t\t\t\t<div class=\"uagb-post__text uagb-post__cta wp-block-button\">\n\t\t\t\t<a class=\"wp-block-button__link uagb-text-link\" style=\"\" href=\"http:\/\/grundschule-wichern.de\/?p=1886\" target=\"_self\" rel=\"bookmark noopener noreferrer\">Weiterlesen<\/a>\n\t\t\t<\/div>\n\t\t\t\n\t\t\t\t\t\t\t\t\t<\/article>\n\t\t\t\t\t\t\t\t\t\t\t\t\t\t\t\t<article class=\"uagb-post__inner-wrap\">\t\t\t\t\t\t\t\t<div class='uagb-post__image'>\n\t\t\t\t\t\t\t\t\t<a href=\"http:\/\/grundschule-wichern.de\/?p=1883\" target=\"_self\" rel=\"bookmark noopener noreferrer\"><img loading=\"lazy\" decoding=\"async\" width=\"640\" height=\"480\" src=\"http:\/\/grundschule-wichern.de\/wp-content\/uploads\/2022\/05\/Muttertag.jpg\" class=\"attachment-large size-large\" alt=\"Muttertag\" srcset=\"http:\/\/grundschule-wichern.de\/wp-content\/uploads\/2022\/05\/Muttertag.jpg 640w, http:\/\/grundschule-wichern.de\/wp-content\/uploads\/2022\/05\/Muttertag-300x225.jpg 300w, http:\/\/grundschule-wichern.de\/wp-content\/uploads\/2022\/05\/Muttertag-150x113.jpg 150w\" sizes=\"auto, (max-width: 640px) 100vw, 640px\" \/>\t\t\t\t\t<\/a>\n\t\t\t\t\t\t\t\t\t<\/div>\n\t\t\t\t\t\t<h4 class=\"uagb-post__title uagb-post__text\">\n\t\t\t\t<a href=\"http:\/\/grundschule-wichern.de\/?p=1883\" target=\"_self\" rel=\"bookmark noopener noreferrer\">Backen f\u00fcr die beste Mutter<\/a>\n\t\t\t<\/h4>\n\t\t\t\t\t\t<div class='uagb-post__text uagb-post-grid-byline'>\n\t\t\t\t\t\t\t\t<time datetime=\"2022-05-10T11:26:58+00:00\" class=\"uagb-post__date\">\n\t\t\t\t<span class=\"dashicons-calendar dashicons\"><\/span>\t\t\t\t\t10. Mai 2022\t\t\t\t<\/time>\n\t\t\t\t\t\t<\/div>\n\t\t\t\t\t\t\t<div class='uagb-post__text uagb-post__excerpt'>\n\t\t\t\t\t<p>Kurz vor dem Muttertag war der Jahrgang 2 im Mittelpunkt des Standorts Wichern versammelt. Die&#8230;\t\t\t\t<\/div>\n\t\t\t\t\t\t<div class=\"uagb-post__text uagb-post__cta wp-block-button\">\n\t\t\t\t<a class=\"wp-block-button__link uagb-text-link\" style=\"\" href=\"http:\/\/grundschule-wichern.de\/?p=1883\" target=\"_self\" rel=\"bookmark noopener noreferrer\">Weiterlesen<\/a>\n\t\t\t<\/div>\n\t\t\t\n\t\t\t\t\t\t\t\t\t<\/article>\n\t\t\t\t\t\t\t\t\t\t\t\t\t\t\t\t<article class=\"uagb-post__inner-wrap\">\t\t\t\t\t\t\t\t<div class='uagb-post__image'>\n\t\t\t\t\t\t\t\t\t<a href=\"http:\/\/grundschule-wichern.de\/?p=1879\" target=\"_self\" rel=\"bookmark noopener noreferrer\"><img loading=\"lazy\" decoding=\"async\" width=\"350\" height=\"262\" src=\"http:\/\/grundschule-wichern.de\/wp-content\/uploads\/2022\/05\/Lese22.jpg\" class=\"attachment-large size-large\" alt=\"Die Sieger\" srcset=\"http:\/\/grundschule-wichern.de\/wp-content\/uploads\/2022\/05\/Lese22.jpg 350w, http:\/\/grundschule-wichern.de\/wp-content\/uploads\/2022\/05\/Lese22-300x225.jpg 300w, http:\/\/grundschule-wichern.de\/wp-content\/uploads\/2022\/05\/Lese22-150x112.jpg 150w\" sizes=\"auto, (max-width: 350px) 100vw, 350px\" \/>\t\t\t\t\t<\/a>\n\t\t\t\t\t\t\t\t\t<\/div>\n\t\t\t\t\t\t<h4 class=\"uagb-post__title uagb-post__text\">\n\t\t\t\t<a href=\"http:\/\/grundschule-wichern.de\/?p=1879\" target=\"_self\" rel=\"bookmark noopener noreferrer\">Nele setzt sich durch<\/a>\n\t\t\t<\/h4>\n\t\t\t\t\t\t<div class='uagb-post__text uagb-post-grid-byline'>\n\t\t\t\t\t\t\t\t<time datetime=\"2022-05-04T08:04:32+00:00\" class=\"uagb-post__date\">\n\t\t\t\t<span class=\"dashicons-calendar dashicons\"><\/span>\t\t\t\t\t4. Mai 2022\t\t\t\t<\/time>\n\t\t\t\t\t\t<\/div>\n\t\t\t\t\t\t\t<div class='uagb-post__text uagb-post__excerpt'>\n\t\t\t\t\t<p>die vierten Klassen waren gut vorbereitet, denn der schulinterne Lesewettbewerb stand vor der T\u00fcr. Gesucht&#8230;\t\t\t\t<\/div>\n\t\t\t\t\t\t<div class=\"uagb-post__text uagb-post__cta wp-block-button\">\n\t\t\t\t<a class=\"wp-block-button__link uagb-text-link\" style=\"\" href=\"http:\/\/grundschule-wichern.de\/?p=1879\" target=\"_self\" rel=\"bookmark noopener noreferrer\">Weiterlesen<\/a>\n\t\t\t<\/div>\n\t\t\t\n\t\t\t\t\t\t\t\t\t<\/article>\n\t\t\t\t\t\t\t\t\t\t\t\t\t\t\t\t<article class=\"uagb-post__inner-wrap\">\t\t\t\t\t\t\t\t<div class='uagb-post__image'>\n\t\t\t\t\t\t\t\t\t<a href=\"http:\/\/grundschule-wichern.de\/?p=1851\" target=\"_self\" rel=\"bookmark noopener noreferrer\"><img loading=\"lazy\" decoding=\"async\" width=\"240\" height=\"320\" src=\"http:\/\/grundschule-wichern.de\/wp-content\/uploads\/2022\/04\/flohmarkt22.jpg\" class=\"attachment-large size-large\" alt=\"\" srcset=\"http:\/\/grundschule-wichern.de\/wp-content\/uploads\/2022\/04\/flohmarkt22.jpg 240w, http:\/\/grundschule-wichern.de\/wp-content\/uploads\/2022\/04\/flohmarkt22-225x300.jpg 225w, http:\/\/grundschule-wichern.de\/wp-content\/uploads\/2022\/04\/flohmarkt22-113x150.jpg 113w\" sizes=\"auto, (max-width: 240px) 100vw, 240px\" \/>\t\t\t\t\t<\/a>\n\t\t\t\t\t\t\t\t\t<\/div>\n\t\t\t\t\t\t<h4 class=\"uagb-post__title uagb-post__text\">\n\t\t\t\t<a href=\"http:\/\/grundschule-wichern.de\/?p=1851\" target=\"_self\" rel=\"bookmark noopener noreferrer\">Endlich B\u00fccherflohmarkt<\/a>\n\t\t\t<\/h4>\n\t\t\t\t\t\t<div class='uagb-post__text uagb-post-grid-byline'>\n\t\t\t\t\t\t\t\t<time datetime=\"2022-04-08T08:47:20+00:00\" class=\"uagb-post__date\">\n\t\t\t\t<span class=\"dashicons-calendar dashicons\"><\/span>\t\t\t\t\t8. April 2022\t\t\t\t<\/time>\n\t\t\t\t\t\t<\/div>\n\t\t\t\t\t\t\t<div class='uagb-post__text uagb-post__excerpt'>\n\t\t\t\t\t<p>B\u00fccherflohmarkt 22 Am letzten Freitag vor den Osterferien ist B\u00fccherflohmarkt! Das war schon immer so&#8230;\t\t\t\t<\/div>\n\t\t\t\t\t\t<div class=\"uagb-post__text uagb-post__cta wp-block-button\">\n\t\t\t\t<a class=\"wp-block-button__link uagb-text-link\" style=\"\" href=\"http:\/\/grundschule-wichern.de\/?p=1851\" target=\"_self\" rel=\"bookmark noopener noreferrer\">Weiterlesen<\/a>\n\t\t\t<\/div>\n\t\t\t\n\t\t\t\t\t\t\t\t\t<\/article>\n\t\t\t\t\t\t\t\t\t\t\t\t\t\t\t\t<article class=\"uagb-post__inner-wrap\">\t\t\t\t\t\t\t\t<div class='uagb-post__image'>\n\t\t\t\t\t\t\t\t\t<a href=\"http:\/\/grundschule-wichern.de\/?p=1854\" target=\"_self\" rel=\"bookmark noopener noreferrer\"><img loading=\"lazy\" decoding=\"async\" width=\"1024\" height=\"483\" src=\"http:\/\/grundschule-wichern.de\/wp-content\/uploads\/2022\/04\/IMG_8609-1024x483.jpg\" class=\"attachment-large size-large\" alt=\"\" srcset=\"http:\/\/grundschule-wichern.de\/wp-content\/uploads\/2022\/04\/IMG_8609-1024x483.jpg 1024w, http:\/\/grundschule-wichern.de\/wp-content\/uploads\/2022\/04\/IMG_8609-300x142.jpg 300w, http:\/\/grundschule-wichern.de\/wp-content\/uploads\/2022\/04\/IMG_8609-768x362.jpg 768w, http:\/\/grundschule-wichern.de\/wp-content\/uploads\/2022\/04\/IMG_8609-1536x725.jpg 1536w, http:\/\/grundschule-wichern.de\/wp-content\/uploads\/2022\/04\/IMG_8609-2048x967.jpg 2048w, http:\/\/grundschule-wichern.de\/wp-content\/uploads\/2022\/04\/IMG_8609-150x71.jpg 150w\" sizes=\"auto, (max-width: 1024px) 100vw, 1024px\" \/>\t\t\t\t\t<\/a>\n\t\t\t\t\t\t\t\t\t<\/div>\n\t\t\t\t\t\t<h4 class=\"uagb-post__title uagb-post__text\">\n\t\t\t\t<a href=\"http:\/\/grundschule-wichern.de\/?p=1854\" target=\"_self\" rel=\"bookmark noopener noreferrer\">Der Fr\u00fchling zieht ein<\/a>\n\t\t\t<\/h4>\n\t\t\t\t\t\t<div class='uagb-post__text uagb-post-grid-byline'>\n\t\t\t\t\t\t\t\t<time datetime=\"2022-04-06T17:00:00+00:00\" class=\"uagb-post__date\">\n\t\t\t\t<span class=\"dashicons-calendar dashicons\"><\/span>\t\t\t\t\t6. April 2022\t\t\t\t<\/time>\n\t\t\t\t\t\t<\/div>\n\t\t\t\t\t\t\t<div class='uagb-post__text uagb-post__excerpt'>\n\t\t\t\t\t<p>In den vergangenen Wochen haben die Kinder viele Kunstwerke rund um den Fr\u00fchling geschaffen und&#8230;\t\t\t\t<\/div>\n\t\t\t\t\t\t<div class=\"uagb-post__text uagb-post__cta wp-block-button\">\n\t\t\t\t<a class=\"wp-block-button__link uagb-text-link\" style=\"\" href=\"http:\/\/grundschule-wichern.de\/?p=1854\" target=\"_self\" rel=\"bookmark noopener noreferrer\">Weiterlesen<\/a>\n\t\t\t<\/div>\n\t\t\t\n\t\t\t\t\t\t\t\t\t<\/article>\n\t\t\t\t\t\t\t\t\t\t\t\t\t\t\t\t<article class=\"uagb-post__inner-wrap\">\t\t\t\t\t\t\t\t<div class='uagb-post__image'>\n\t\t\t\t\t\t\t\t\t<a href=\"http:\/\/grundschule-wichern.de\/?p=1830\" target=\"_self\" rel=\"bookmark noopener noreferrer\"><img loading=\"lazy\" decoding=\"async\" width=\"375\" height=\"500\" src=\"http:\/\/grundschule-wichern.de\/wp-content\/uploads\/2022\/03\/Muelltrennung.jpg\" class=\"attachment-large size-large\" alt=\"\" srcset=\"http:\/\/grundschule-wichern.de\/wp-content\/uploads\/2022\/03\/Muelltrennung.jpg 375w, http:\/\/grundschule-wichern.de\/wp-content\/uploads\/2022\/03\/Muelltrennung-225x300.jpg 225w, http:\/\/grundschule-wichern.de\/wp-content\/uploads\/2022\/03\/Muelltrennung-113x150.jpg 113w\" sizes=\"auto, (max-width: 375px) 100vw, 375px\" \/>\t\t\t\t\t<\/a>\n\t\t\t\t\t\t\t\t\t<\/div>\n\t\t\t\t\t\t<h4 class=\"uagb-post__title uagb-post__text\">\n\t\t\t\t<a href=\"http:\/\/grundschule-wichern.de\/?p=1830\" target=\"_self\" rel=\"bookmark noopener noreferrer\">Mehr Aufmerksamkeit f\u00fcr unsere Umwelt!<\/a>\n\t\t\t<\/h4>\n\t\t\t\t\t\t<div class='uagb-post__text uagb-post-grid-byline'>\n\t\t\t\t\t\t\t\t<time datetime=\"2022-03-20T10:18:04+00:00\" class=\"uagb-post__date\">\n\t\t\t\t<span class=\"dashicons-calendar dashicons\"><\/span>\t\t\t\t\t20. M\u00e4rz 2022\t\t\t\t<\/time>\n\t\t\t\t\t\t<\/div>\n\t\t\t\t\t\t\t<div class='uagb-post__text uagb-post__excerpt'>\n\t\t\t\t\t<p>In der letzten Zeit mussten wir leider immer wieder beobachten, dass die Vermeidung und auch&#8230;\t\t\t\t<\/div>\n\t\t\t\t\t\t<div class=\"uagb-post__text uagb-post__cta wp-block-button\">\n\t\t\t\t<a class=\"wp-block-button__link uagb-text-link\" style=\"\" href=\"http:\/\/grundschule-wichern.de\/?p=1830\" target=\"_self\" rel=\"bookmark noopener noreferrer\">Weiterlesen<\/a>\n\t\t\t<\/div>\n\t\t\t\n\t\t\t\t\t\t\t\t\t<\/article>\n\t\t\t\t\t\t\t\t\t\t\t\t\t\t\t<div class=\"uagb-post-inf-loader\" style=\"display: none;\">\n\t\t\t\t\t\t\t\t<div class=\"uagb-post-loader-1\"><\/div>\n\t\t\t\t\t\t\t\t<div class=\"uagb-post-loader-2\"><\/div>\n\t\t\t\t\t\t\t\t<div class=\"uagb-post-loader-3\"><\/div>\n\t\t\t\t\t\t\t<\/div>\n\t\t\t\t\t\t\t\t\t\t<\/div>\n\t\t\t","protected":false},"excerpt":{"rendered":"<p>Hier finden Sie Einblicke in unseren Schulalltag. Viel Freude beim Lesen und St\u00f6bern. mehr lesen<\/p>\n","protected":false},"author":1,"featured_media":0,"parent":0,"menu_order":0,"comment_status":"closed","ping_status":"closed","template":"","meta":{"_uag_custom_page_level_css":"","jetpack_post_was_ever_published":false,"footnotes":""},"class_list":["post-1763","page","type-page","status-publish","hentry"],"uagb_featured_image_src":{"full":false,"thumbnail":false,"medium":false,"medium_large":false,"large":false,"1536x1536":false,"2048x2048":false,"custom":false,"post-thumbnail":false,"header":false,"slider":false,"columns":false,"sow-carousel-default":false},"uagb_author_info":{"display_name":"Hille","author_link":"http:\/\/grundschule-wichern.de\/?author=1"},"uagb_comment_info":0,"uagb_excerpt":"Hier finden Sie Einblicke in unseren Schulalltag. Viel Freude beim Lesen und St\u00f6bern. mehr lesen","jetpack_sharing_enabled":true,"jetpack_shortlink":"https:\/\/wp.me\/P9HPiT-sr","_links":{"self":[{"href":"http:\/\/grundschule-wichern.de\/index.php?rest_route=\/wp\/v2\/pages\/1763","targetHints":{"allow":["GET"]}}],"collection":[{"href":"http:\/\/grundschule-wichern.de\/index.php?rest_route=\/wp\/v2\/pages"}],"about":[{"href":"http:\/\/grundschule-wichern.de\/index.php?rest_route=\/wp\/v2\/types\/page"}],"author":[{"embeddable":true,"href":"http:\/\/grundschule-wichern.de\/index.php?rest_route=\/wp\/v2\/users\/1"}],"replies":[{"embeddable":true,"href":"http:\/\/grundschule-wichern.de\/index.php?rest_route=%2Fwp%2Fv2%2Fcomments&post=1763"}],"version-history":[{"count":12,"href":"http:\/\/grundschule-wichern.de\/index.php?rest_route=\/wp\/v2\/pages\/1763\/revisions"}],"predecessor-version":[{"id":1784,"href":"http:\/\/grundschule-wichern.de\/index.php?rest_route=\/wp\/v2\/pages\/1763\/revisions\/1784"}],"wp:attachment":[{"href":"http:\/\/grundschule-wichern.de\/index.php?rest_route=%2Fwp%2Fv2%2Fmedia&parent=1763"}],"curies":[{"name":"wp","href":"https:\/\/api.w.org\/{rel}","templated":true}]}}