{"id":108,"date":"2018-03-02T19:37:07","date_gmt":"2018-03-02T19:37:07","guid":{"rendered":"http:\/\/grundschule-wichern.de\/?page_id=108"},"modified":"2019-02-27T14:58:52","modified_gmt":"2019-02-27T14:58:52","slug":"108-2","status":"publish","type":"page","link":"http:\/\/grundschule-wichern.de\/?page_id=108","title":{"rendered":"Historie Wichern"},"content":{"rendered":"<div id=\"pl-108\"  class=\"panel-layout\" ><div id=\"pg-108-0\"  class=\"panel-grid panel-no-style\" ><div id=\"pgc-108-0-0\"  class=\"panel-grid-cell\" ><div id=\"panel-108-0-0-0\" class=\"so-panel widget widget_sow-editor panel-first-child panel-last-child\" data-index=\"0\" ><div\n\t\t\t\n\t\t\tclass=\"so-widget-sow-editor so-widget-sow-editor-base\"\n\t\t\t\n\t\t>\n<div class=\"siteorigin-widget-tinymce textwidget\">\n\t<p style=\"text-align: justify;\"><strong>Wer war der Namensgeber der Wichern-Grundschule?<br \/> Wer war der Erfinder des Adventskranzes?<br \/> <\/strong><\/p>\n<p style=\"text-align: justify;\">Johann Hinrich Wichern wurde am 21. April 1808 in Hamburg geboren. Als junger Theologe sah er die unmenschliche Not und das soziale Elend in den Armenvierteln seiner Stadt. Wichern setzte Gottes Wort in die Tat um, nahm Waisen und kleine Streuner in einer alten Bauernkate auf und gab ihnen ein neues Zuhause. So wurde 1833 das \u201eRauhe Haus\u201c gegr\u00fcndet. Wichern kam es darauf an, durch eine famili\u00e4re Atmosph\u00e4re ein Klima des Vertrauens zu schaffen. Erziehung beschr\u00e4nkte sich nicht nur auf den schulischen Unterricht, wichtig war auch das religi\u00f6se Leben, die Arbeitswelt und die familien\u00e4hnliche Erziehungsgruppe. In der Schule sollte neben musischen Neigungen der eigene Lernwille der Sch\u00fcler geweckt werden. Die sich rasch ausweitende Arbeit erforderte weitere Mitarbeiter. Im Gehilfeninstitut \u2013 der heutigen Diakonenanstalt \u2013 bildete Wichern junge M\u00e4nner als Diakone und Erzieher aus. Fast 50 Jahre war Wichern Hausvater des \u201eRauhen Hauses\u201c. Durch ihn und seine Mitarbeiter wurde das \u201eRauhe Haus\u201c zu einem Modell f\u00fcr die Anstaltsdiakonie der Evangelischen Kirche und zur Gr\u00fcndungsst\u00e4tte der Inneren Mission. Johann Hinrich Wichern gilt als <strong>Erfinder des Adventskranzes.<\/strong> Er stellte 1839 im damaligen Betsaal auf dem Stiftungsgel\u00e4nde des \u201eRauhen Hauses\u201c in Hamburg-Horn den ersten Adventskranz der Welt auf. Anders als der heute in Europa verbreitete Kranz mit vier Kerzen, trug er f\u00fcr jeden Tag bis zum Heiligen Abend eine gro\u00dfe wei\u00dfe f\u00fcr die Sonntage und kleine rote f\u00fcr die Werktage. Wichern wollte die vielen Kinder im \u201eRauhen Haus\u201c damit erfreuen und die Vorbereitungszeit auf das Weihnachtsfest sinnlich erfahrbar machen. Wichern starb nach langer schwerer Krankheit am 7. April 1881 in Hamburg.<\/p>\n<p style=\"text-align: justify;\"><img decoding=\"async\" class=\"alignnone size-full wp-image-112\" src=\"http:\/\/grundschule-wichern.de\/wp-content\/uploads\/2018\/03\/wichern01.jpg\" alt=\"\" width=\"100%\" height=\"*\" \/><\/p>\n<p style=\"text-align: justify;\">Johann Hinrich Wichern<\/p>\n<p style=\"text-align: justify;\"><img decoding=\"async\" class=\"size-full wp-image-115\" src=\"http:\/\/grundschule-wichern.de\/wp-content\/uploads\/2018\/03\/Kranz.jpg\" alt=\"\" width=\"100%\" height=\"*\" \/><\/p>\n<p style=\"text-align: justify;\"><img decoding=\"async\" class=\"alignnone size-full wp-image-116\" src=\"http:\/\/grundschule-wichern.de\/wp-content\/uploads\/2018\/03\/Adventskranz.jpg\" alt=\"\" width=\"100%\" height=\"*\" srcset=\"http:\/\/grundschule-wichern.de\/wp-content\/uploads\/2018\/03\/Adventskranz.jpg 729w, http:\/\/grundschule-wichern.de\/wp-content\/uploads\/2018\/03\/Adventskranz-300x218.jpg 300w\" sizes=\"(max-width: 729px) 100vw, 729px\" \/><\/p>\n<\/div>\n<\/div><\/div><\/div><div id=\"pgc-108-0-1\"  class=\"panel-grid-cell\" ><div id=\"panel-108-0-1-0\" class=\"so-panel widget widget_sow-editor panel-first-child panel-last-child\" data-index=\"1\" ><div\n\t\t\t\n\t\t\tclass=\"so-widget-sow-editor so-widget-sow-editor-base\"\n\t\t\t\n\t\t>\n<div class=\"siteorigin-widget-tinymce textwidget\">\n\t<p><img decoding=\"async\" class=\"alignnone size-full wp-image-186\" src=\"http:\/\/grundschule-wichern.de\/wp-content\/uploads\/2018\/03\/oldschool00.jpg\" alt=\"\" width=\"100%\" height=\"*\" srcset=\"http:\/\/grundschule-wichern.de\/wp-content\/uploads\/2018\/03\/oldschool00.jpg 400w, http:\/\/grundschule-wichern.de\/wp-content\/uploads\/2018\/03\/oldschool00-300x218.jpg 300w\" sizes=\"(max-width: 400px) 100vw, 400px\" \/><\/p>\n<p>Das alte Schulhaus \/ Brucher Schule (Blick aus der Schulstra\u00dfe \/ Edeka).<br \/> An diesem Ort steht jetzt der Neubau.<\/p>\n<p><img decoding=\"async\" class=\"alignnone wp-image-201 size-full\" src=\"http:\/\/grundschule-wichern.de\/wp-content\/uploads\/2018\/03\/oldschool04.jpg\" alt=\"\" width=\"100%\" height=\"*\" srcset=\"http:\/\/grundschule-wichern.de\/wp-content\/uploads\/2018\/03\/oldschool04.jpg 400w, http:\/\/grundschule-wichern.de\/wp-content\/uploads\/2018\/03\/oldschool04-300x189.jpg 300w\" sizes=\"(max-width: 400px) 100vw, 400px\" \/><\/p>\n<p>Die \"Bunkerschule\" wurde auf dem ehemaligen Luftschutzkeller errichtet und<br \/> machte teilweise dem Neubau Platz.<\/p>\n<p><img decoding=\"async\" class=\"alignnone wp-image-204 size-full\" src=\"http:\/\/grundschule-wichern.de\/wp-content\/uploads\/2018\/03\/oldschool02.jpg\" alt=\"\" width=\"100%\" height=\"*\" srcset=\"http:\/\/grundschule-wichern.de\/wp-content\/uploads\/2018\/03\/oldschool02.jpg 200w, http:\/\/grundschule-wichern.de\/wp-content\/uploads\/2018\/03\/oldschool02-150x300.jpg 150w\" sizes=\"(max-width: 200px) 100vw, 200px\" \/><\/p>\n<p>Blick auf den heutigen Neubau beim Richtfest im April 1970<\/p>\n<p><img decoding=\"async\" class=\"alignnone size-full wp-image-205\" src=\"http:\/\/grundschule-wichern.de\/wp-content\/uploads\/2018\/03\/oldschool04-1.jpg\" alt=\"\" width=\"100%\" height=\"*\" srcset=\"http:\/\/grundschule-wichern.de\/wp-content\/uploads\/2018\/03\/oldschool04-1.jpg 400w, http:\/\/grundschule-wichern.de\/wp-content\/uploads\/2018\/03\/oldschool04-1-300x189.jpg 300w\" sizes=\"(max-width: 400px) 100vw, 400px\" \/><\/p>\n<p>Die \"Bunkerschule\" wird 1972 aufgestockt und an den Neubau angeschlossen. In den <br \/>R\u00e4umen der alten Schule ist jetzt das Lehrerzimmer und der Vorbereitungsraum.<\/p>\n<p><img decoding=\"async\" class=\"alignnone size-full wp-image-206\" src=\"http:\/\/grundschule-wichern.de\/wp-content\/uploads\/2018\/03\/oldschool05.jpg\" alt=\"\" width=\"100%\" height=\"*\" srcset=\"http:\/\/grundschule-wichern.de\/wp-content\/uploads\/2018\/03\/oldschool05.jpg 400w, http:\/\/grundschule-wichern.de\/wp-content\/uploads\/2018\/03\/oldschool05-300x225.jpg 300w\" sizes=\"(max-width: 400px) 100vw, 400px\" \/><\/p>\n<p>Blick auf den Toilettentrakt aus den 1950er Jahren<\/p>\n<p><img decoding=\"async\" class=\"alignnone size-full wp-image-207\" src=\"http:\/\/grundschule-wichern.de\/wp-content\/uploads\/2018\/03\/oldschool06.jpg\" alt=\"\" width=\"100%\" height=\"*\" srcset=\"http:\/\/grundschule-wichern.de\/wp-content\/uploads\/2018\/03\/oldschool06.jpg 409w, http:\/\/grundschule-wichern.de\/wp-content\/uploads\/2018\/03\/oldschool06-300x235.jpg 300w\" sizes=\"(max-width: 409px) 100vw, 409px\" \/><\/p>\n<p>2005 wird dieser Trakt um 2 Klassenr\u00e4ume aufgestockt<\/p>\n<\/div>\n<\/div><\/div><\/div><div id=\"pgc-108-0-2\"  class=\"panel-grid-cell\" ><div id=\"panel-108-0-2-0\" class=\"so-panel widget widget_sow-editor panel-first-child panel-last-child\" data-index=\"2\" ><div\n\t\t\t\n\t\t\tclass=\"so-widget-sow-editor so-widget-sow-editor-base\"\n\t\t\t\n\t\t>\n<div class=\"siteorigin-widget-tinymce textwidget\">\n\t<p style=\"text-align: justify;\"><strong>Die Geschichte der Wichern-Grundschule<\/strong><\/p>\n<p style=\"text-align: justify;\"><strong>1894\u00a0 <\/strong>Errichtung der \"Brucher Schule\" mit drei Klassen, 190 Sch\u00fclern und 2 Lehrern (Geb\u00e4ude 1 - Brucher Schule)<\/p>\n<p style=\"text-align: justify;\"><strong>1906\u00a0 <\/strong>Erweiterung der Schule durch zwei neue Klassenr\u00e4ume f\u00fcr jetzt 360 Sch\u00fcler und 2 Lehrer<\/p>\n<p style=\"text-align: justify;\"><strong>1905\u00a0 <\/strong>Errichtung eines zweiten Schulgeb\u00e4udes mit vier Klassenr\u00e4umen und zwei Lehrerwohnungen<\/p>\n<p style=\"text-align: justify;\"><strong>1915\u00a0 <\/strong>Das heute noch als Altbau bekannte Geb\u00e4ude wird eingeweiht (Geb\u00e4ude 2 - Altbau)<\/p>\n<p style=\"text-align: justify;\"><strong>1926\u00a0 <\/strong>Die \"Brucher Schule\" wird auf den Namen \"B\u00fcrgerschule II\" umgetauft<\/p>\n<p style=\"text-align: justify;\"><strong>1927\u00a0 <\/strong>337 Sch\u00fcler und 9 Lehrer 1937 373 Sch\u00fcler und 9 Lehrer<\/p>\n<p style=\"text-align: justify;\"><strong>1939\u00a0 <\/strong>Die evangelisch B\u00fcrgerschule II wird in eine Gemeinschaftsgrundschule umgewandelt. 400 Kinder werden in 8 Jahrgangsstufen von einem Rektor und 7 Lehrern unterrichtet<\/p>\n<p style=\"text-align: justify;\"><strong>1945\u00a0 <\/strong>Besetzung der Stadt und Beschlagnahmung der Schule durch eine Pioniereinheit Der Unterricht ruht f\u00fcr neun Monate. Am 1.12. wird die Schule wieder freigegeben und renoviert. Aus der Schulchronik: <em>\"Etwa 1200 Sch\u00fcler werden hier t\u00e4glich unterrichtet. Das Schulgeb\u00e4ude wird von 3 Schulsystemen benutzt: B\u00fcrgerschule I, B\u00fcrgerschule II und Oberschule f\u00fcr Jungen; 3 Schulgeb\u00e4ude im Sperrgebiet konnten nicht benutzt werden. Als am 4.4.45 die Amerikaner hier in Bad Oeynhausen einzogen, hatte die Schule Ferien. Die Schulgeb\u00e4ude wurden als Untekunftsr\u00e4ume f\u00fcr die Truppen genutzt. Das Inventar wurde zum Teil hinausgeworfen, einiges konnte gerettet werden, so unsere N\u00e4hmaschine. Sie wurde von beherzten Leuten aus der Schule geholt und in der Nachbarschaft untergestellt... Der gr\u00f6\u00dfte Teil unserer Lehrmittel wurde von den Amerikanern auf dem Schulhof verbrannt. Daher waren wir bei der Wiederer\u00f6ffnung unserer Schule am 21.1.46 bettelarm. Nachbarschulen halfen uns aus, sie gaben uns Karten, die bei ihnen schon auf dem Schulboden abgestellt waren.\"<\/em><\/p>\n<p style=\"text-align: justify;\"><strong>1946\u00a0 <\/strong>1200 Sch\u00fcler werden in zwei oder drei Schichten unterrichtet. In allen R\u00e4umen findet Unterricht statt; B\u00fccher und Hefte sind Mangelware.<\/p>\n<p style=\"text-align: justify;\"><strong>1947\u00a0 <\/strong>Die B\u00fcrgerschule II wird auf Wunsch der Eltern eine reine evangelische Bekenntnisgrundschule<\/p>\n<p style=\"text-align: justify;\"><strong>1949\u00a0 <\/strong>Erweiterungsbau der Schule. Auf den Fundamenten des Luftschutzkellers wird ein Geb\u00e4ude mit 4 Klassenr\u00e4umen errichtet. (Geb\u00e4ude 3 - Bunkerschule) Die Schulchronik berichtet:<em> \"Da\u00df auch Lehrer und Sch\u00fcler beim Bau halfen, mag noch erw\u00e4hnt werden. (Aufr\u00e4umarbeiten, sammeln von Steinen u.s.w.)\"<\/em> Dieses Geb\u00e4ude ging unter dem Namen \"Bunkerschule\" in die Chronik ein. Das Geb\u00e4ude steht nicht mehr. Der Bau hat seinerzeit 85.000 DM gekostet. Der Unterricht fand in 17 Klassen mit 757 Sch\u00fclern und 17 Lehrkr\u00e4ften statt.<\/p>\n<p style=\"text-align: justify;\"><strong>1954\u00a0 <\/strong>Das Gymnasium und die B\u00fcrgerschule I beziehen eigene Geb\u00e4ude in der Stadt. Die B\u00fcrgerschule II ist wieder alleine in den Geb\u00e4uden.<\/p>\n<p style=\"text-align: justify;\"><strong>1958\u00a0 <\/strong>Einweihung der Schulturnhalle. 383 Sch\u00fcler sind an der Schule.<\/p>\n<p style=\"text-align: justify;\"><strong>1966\u00a0 <\/strong>Einf\u00fchrung des 9. Schuljahres mit anf\u00e4nglichen Schwierigkeiten.<\/p>\n<p style=\"text-align: justify;\"><strong>1968\u00a0 <\/strong>Die B\u00fcrgerschule wird eine Grundschule. Der Name ist jetzt \"Grundschule S\u00fcd\"<\/p>\n<p style=\"text-align: justify;\"><strong>1969\u00a0 <\/strong>Abri\u00df des \u00e4ltesten Geb\u00e4udes und Errichtung des jetzigen Neubaus mit 12 Klassenr\u00e4umen und 6 Gruppenr\u00e4umen. Baukosten waren ca. 1,4 Millionen DM<\/p>\n<p style=\"text-align: justify;\"><strong>1971\u00a0 <\/strong>Aus der Bekenntnisgrundschule wird wieder eine Gemeinschaftsgrundschule. Der Neubau wird fertiggestellt. In 11 Klassen sind 380 Kinder untergebracht die von 8 hauptamtlichen Lehrern und 6 nebenberuflichen Lehrern unterrichtet werden<\/p>\n<p style=\"text-align: justify;\"><strong>1977\u00a0 <\/strong>Da es h\u00e4ufig zu Verwechselungen mit der Hauptschule S\u00fcd und dem Schulzentrum S\u00fcd kommt, wird die Grundschule S\u00fcd in <strong>\"Wichern-Grundschule\"<\/strong> umbenannt<\/p>\n<p style=\"text-align: justify;\"><strong>1993\u00a0 <\/strong>275 Kinder werden von 12 Lehrerinnen und einem Rektor unterrichtet<\/p>\n<p style=\"text-align: justify;\"><strong>2000\u00a0 <\/strong>294 Kinder werden von 14 Lehrerinnen und einem Lehrer unterrichtet<\/p>\n<p style=\"text-align: justify;\"><strong>2002\u00a0 <\/strong>EDV Verkabelung und umfangreiche Brandschutzma\u00dfnahmen an der Schule<\/p>\n<p style=\"text-align: justify;\"><strong>2005\u00a0 <\/strong>Start der neuen Schuleingangsphase mit jahrgangsgemischtem Unterricht in Klasse 1 und 2. Die Schule hat nun 6 Schuleingangsklassen. Beginn der Ganztagsbetreuung an der Wichern - Grundschule in den R\u00e4umen des Altbaus. Aufstockung des Toilettentraktes mit zwei neuen Klassenr\u00e4umen f\u00fcr ca. 200.000<\/p>\n<p style=\"text-align: justify;\"><strong>2007\u00a0 <\/strong>Die Schuleingangsphase wird wieder in jahrgangsbezogenen Klassen organisiert. Der offene Ganztag w\u00e4chst auf 50 Kinder an.<\/p>\n<p style=\"text-align: justify;\"><strong>2008\u00a0 <\/strong>Die Toilettenanlagen in der Schule werden komplett saniert. Der Haupteingang wird behindertengerecht umgebaut. Auf dem Dach der Schule entsteht eine 30 kWp Solaranlage, an der sich der F\u00f6rderverein mit 2 kWp beteiligt.<\/p>\n<p style=\"text-align: justify;\"><strong>2010\u00a0 <\/strong>Gr\u00fcndung des Grundschulverbunds Wichern-Lohe.<\/p>\n<p style=\"text-align: justify;\"><strong>2013<\/strong> Der Grundschulverbund Wichern-Lohe ist mit 430 Kindern (300 Wichern; 130 Lohe) die gr\u00f6\u00dfte Grundschule von Bad Oeynhausen. In 17 Klassen findet der Unterricht an den zwei Standorten statt. Der Offene Ganztag ist stark gewachsen und ca. 150 Kinder werden bis um 16.00 Uhr betreut und unterrichtet.<\/p>\n<p style=\"text-align: justify;\"><strong>2016<\/strong> Nachdem die Turnhalle wegen Bauf\u00e4lligkeit schon einige Zeit gesperrt war, wird sie im Fr\u00fchjahr zusammen mit der Pausen\u00fcberdachung abgerissen. Der Sportunterricht findet f\u00fcr eine \u00dcbergangszeit auf der Lohe statt. Ab Herbst beginnt der Neubau. Au\u00dferdem entsteht der neue \"Mittelpunkt\" unserer Schule: Zentraler Eingangsbereich, Aula und Mensa. Mit einem Aufzug wird die Schule nun auch f\u00fcr Inklusion gut ger\u00fcstet sein.<\/p>\n<\/div>\n<\/div><\/div><\/div><\/div><\/div>","protected":false},"excerpt":{"rendered":"<p>Wer war der Namensgeber der Wichern-Grundschule? Wer war der Erfinder des Adventskranzes? Johann Hinrich Wichern wurde am 21. April 1808 in Hamburg geboren. Als junger Theologe sah er die unmenschliche Not und das soziale Elend in den Armenvierteln seiner Stadt. Wichern setzte Gottes Wort in die Tat um, nahm Waisen&hellip; mehr lesen<\/p>\n","protected":false},"author":1,"featured_media":0,"parent":104,"menu_order":0,"comment_status":"closed","ping_status":"closed","template":"templates\/template-onecolumn.php","meta":{"_uag_custom_page_level_css":"","jetpack_post_was_ever_published":false,"footnotes":""},"class_list":["post-108","page","type-page","status-publish","hentry"],"uagb_featured_image_src":{"full":false,"thumbnail":false,"medium":false,"medium_large":false,"large":false,"1536x1536":false,"2048x2048":false,"custom":false,"post-thumbnail":false,"header":false,"slider":false,"columns":false,"sow-carousel-default":false},"uagb_author_info":{"display_name":"Hille","author_link":"http:\/\/grundschule-wichern.de\/?author=1"},"uagb_comment_info":0,"uagb_excerpt":"Wer war der Namensgeber der Wichern-Grundschule? Wer war der Erfinder des Adventskranzes? Johann Hinrich Wichern wurde am 21. April 1808 in Hamburg geboren. Als junger Theologe sah er die unmenschliche Not und das soziale Elend in den Armenvierteln seiner Stadt. Wichern setzte Gottes Wort in die Tat um, nahm Waisen&hellip; mehr lesen","jetpack_sharing_enabled":true,"jetpack_shortlink":"https:\/\/wp.me\/P9HPiT-1K","_links":{"self":[{"href":"http:\/\/grundschule-wichern.de\/index.php?rest_route=\/wp\/v2\/pages\/108","targetHints":{"allow":["GET"]}}],"collection":[{"href":"http:\/\/grundschule-wichern.de\/index.php?rest_route=\/wp\/v2\/pages"}],"about":[{"href":"http:\/\/grundschule-wichern.de\/index.php?rest_route=\/wp\/v2\/types\/page"}],"author":[{"embeddable":true,"href":"http:\/\/grundschule-wichern.de\/index.php?rest_route=\/wp\/v2\/users\/1"}],"replies":[{"embeddable":true,"href":"http:\/\/grundschule-wichern.de\/index.php?rest_route=%2Fwp%2Fv2%2Fcomments&post=108"}],"version-history":[{"count":50,"href":"http:\/\/grundschule-wichern.de\/index.php?rest_route=\/wp\/v2\/pages\/108\/revisions"}],"predecessor-version":[{"id":602,"href":"http:\/\/grundschule-wichern.de\/index.php?rest_route=\/wp\/v2\/pages\/108\/revisions\/602"}],"up":[{"embeddable":true,"href":"http:\/\/grundschule-wichern.de\/index.php?rest_route=\/wp\/v2\/pages\/104"}],"wp:attachment":[{"href":"http:\/\/grundschule-wichern.de\/index.php?rest_route=%2Fwp%2Fv2%2Fmedia&parent=108"}],"curies":[{"name":"wp","href":"https:\/\/api.w.org\/{rel}","templated":true}]}}